{"id":23495,"date":"2024-06-28T22:31:21","date_gmt":"2024-06-29T02:31:21","guid":{"rendered":"https:\/\/www.amukim.com\/?page_id=23495"},"modified":"2024-07-02T13:25:42","modified_gmt":"2024-07-02T17:25:42","slug":"curso-de-formacion-2024-v2","status":"publish","type":"page","link":"https:\/\/www.sonicafilms.cl\/?page_id=23495","title":{"rendered":"Curso de Formaci\u00f3n 2024 &#8211; V2"},"content":{"rendered":"\n<figure class=\"wp-block-image size-large is-resized\"><img loading=\"lazy\" decoding=\"async\" width=\"1024\" height=\"578\" src=\"https:\/\/www.sonicafilms.cl\/wp2017\/wp-content\/uploads\/2024\/07\/Caratula-Curso-Sonido-2024-V2-NG-1024x578.png\" alt=\"\" class=\"wp-image-23722\" style=\"width:1280px\" srcset=\"https:\/\/www.sonicafilms.cl\/wp2017\/wp-content\/uploads\/2024\/07\/Caratula-Curso-Sonido-2024-V2-NG-1024x578.png 1024w, https:\/\/www.sonicafilms.cl\/wp2017\/wp-content\/uploads\/2024\/07\/Caratula-Curso-Sonido-2024-V2-NG-300x169.png 300w, https:\/\/www.sonicafilms.cl\/wp2017\/wp-content\/uploads\/2024\/07\/Caratula-Curso-Sonido-2024-V2-NG-768x433.png 768w, https:\/\/www.sonicafilms.cl\/wp2017\/wp-content\/uploads\/2024\/07\/Caratula-Curso-Sonido-2024-V2-NG-700x395.png 700w, https:\/\/www.sonicafilms.cl\/wp2017\/wp-content\/uploads\/2024\/07\/Caratula-Curso-Sonido-2024-V2-NG-1100x621.png 1100w, https:\/\/www.sonicafilms.cl\/wp2017\/wp-content\/uploads\/2024\/07\/Caratula-Curso-Sonido-2024-V2-NG.png 1278w\" sizes=\"auto, (max-width: 1024px) 100vw, 1024px\" \/><\/figure>\n\n\n\n<p class=\"wp-block-paragraph\"><mark style=\"background-color:rgba(0, 0, 0, 0)\" class=\"has-inline-color has-black-color\">En este a\u00f1o 2024 llevaremos a cabo la segunda versi\u00f3n de nuestros Cursos de Formaci\u00f3n Especializados en Sonido.<\/mark><\/p>\n\n\n\n<p class=\"wp-block-paragraph\"><mark style=\"background-color:rgba(0, 0, 0, 0)\" class=\"has-inline-color has-black-color\">Las tem\u00e1ticas ser\u00e1n:<\/mark><\/p>\n\n\n\n<ul class=\"wp-block-list\">\n<li><mark style=\"background-color:rgba(0, 0, 0, 0)\" class=\"has-inline-color has-black-color\"><strong>Edici\u00f3n de di\u00e1logos <\/strong>a cargo del destacado sonidista argentino Flavio Nogueira, especializado en Edici\u00f3n de di\u00e1logos, doblajes y mezcla con mas 130 pel\u00edculas.<\/mark><\/li>\n\n\n\n<li><strong><mark style=\"background-color:rgba(0, 0, 0, 0)\" class=\"has-inline-color has-black-color\">Mezcla Dolby Atmos <\/mark><\/strong><mark style=\"background-color:rgba(0, 0, 0, 0)\" class=\"has-inline-color has-black-color\">a cargo de Francisco Bissone, sonidista argentino miembro activo de AES y ASA, especializado en mezcla multicanal y tecnolog\u00edas innovadoras en audio inmersivo para m\u00fasica, audiovisuales y realidad virtual.<\/mark><\/li>\n<\/ul>\n\n\n\n<p class=\"wp-block-paragraph\"><\/p>\n\n\n\n<p class=\"wp-block-paragraph\"><mark style=\"background-color:rgba(0, 0, 0, 0)\" class=\"has-inline-color has-black-color\">Teor\u00eda y practicas en entornos Dolby Atmos Broadcast y Cinema, visitas a salas de cine.<\/mark><\/p>\n\n\n\n<p class=\"wp-block-paragraph\"><mark style=\"background-color:rgba(0, 0, 0, 0)\" class=\"has-inline-color has-black-color\">La convocatoria del curso ser\u00e1 para 12 sonidistas profesionales, con al menos el 50% provenientes de regiones distintas a la Metropolitana.<\/mark><\/p>\n\n\n\n<p class=\"wp-block-paragraph\"><mark style=\"background-color:rgba(0, 0, 0, 0)\" class=\"has-inline-color has-black-color\">Fechas del curso: Del 23 septiembre al 5 octubre 2024<\/mark><\/p>\n\n\n\n<p class=\"wp-block-paragraph\"><mark style=\"background-color:rgba(0, 0, 0, 0)\" class=\"has-inline-color has-black-color\">Clases de lunes a s\u00e1bado.<\/mark><\/p>\n\n\n\n<p class=\"wp-block-paragraph\"><mark style=\"background-color:rgba(0, 0, 0, 0)\" class=\"has-inline-color has-black-color\">Ubicaci\u00f3n: Santiago de Chile (Centro, \u00d1u\u00f1oa, Providencia)<\/mark><\/p>\n\n\n\n<p class=\"wp-block-paragraph\"><mark style=\"background-color:rgba(0, 0, 0, 0)\" class=\"has-inline-color has-black-color\">Costos para los estudiantes: Gratis.<\/mark><\/p>\n\n\n\n<p class=\"wp-block-paragraph\"><mark style=\"background-color:rgba(0, 0, 0, 0)\" class=\"has-inline-color has-black-color\">Proyecto financiado por Fondo de Fomento Audiovisual del Ministerio de las Culturas las Artes y el Patrimonio.<\/mark><\/p>\n\n\n\n<p class=\"wp-block-paragraph\"><mark style=\"background-color:rgba(0, 0, 0, 0)\" class=\"has-inline-color has-black-color\">Requisitos de inscripci\u00f3n<\/mark><\/p>\n\n\n\n<ul class=\"wp-block-list\">\n<li><mark style=\"background-color:rgba(0, 0, 0, 0)\" class=\"has-inline-color has-black-color\">Completa disponibilidad para participar durante todo el curso<\/mark><\/li>\n\n\n\n<li><mark style=\"background-color:rgba(0, 0, 0, 0)\" class=\"has-inline-color has-black-color\">Conocimientos avanzados de Pro Tools<\/mark><\/li>\n\n\n\n<li><mark style=\"background-color:rgba(0, 0, 0, 0)\" class=\"has-inline-color has-black-color\">Contar con al menos 2 proyectos en el \u00e1rea de post-producci\u00f3n de sonido<\/mark><\/li>\n<\/ul>\n\n\n\n<p class=\"wp-block-paragraph\"><\/p>\n\n\n\n<p class=\"wp-block-paragraph\"><mark style=\"background-color:rgba(0, 0, 0, 0)\" class=\"has-inline-color has-black-color\">La convocatoria se abrir\u00e1 la primera semana de julio, los cupos ser\u00e1n llenados, cumpliendo los requisitos, por orden de inscripci\u00f3n.<\/mark><\/p>\n\n\n\n<p class=\"wp-block-paragraph\"><mark style=\"background-color:rgba(0, 0, 0, 0)\" class=\"has-inline-color has-black-color\">Dosier con mas informaci\u00f3n:<\/mark><mark style=\"background-color:rgba(0, 0, 0, 0)\" class=\"has-inline-color has-vivid-cyan-blue-color\"> <\/mark><a href=\"https:\/\/drive.google.com\/file\/d\/1K6wheAomAqm57pcJPf-R8as9pcZVQGUR\/view?usp=drive_link\" target=\"_blank\" rel=\"noreferrer noopener\"><mark style=\"background-color:rgba(0, 0, 0, 0);color:#058edd\" class=\"has-inline-color\">LINK<\/mark><\/a><\/p>\n\n\n\n<p class=\"wp-block-paragraph\"><mark style=\"background-color:rgba(0, 0, 0, 0)\" class=\"has-inline-color has-black-color\">Formulario de postulaci\u00f3n:<\/mark><mark style=\"background-color:rgba(0, 0, 0, 0)\" class=\"has-inline-color has-vivid-cyan-blue-color\"> <\/mark><mark style=\"background-color:rgba(0, 0, 0, 0);color:#058edd\" class=\"has-inline-color\"><a href=\"https:\/\/forms.gle\/Kk3fcwkxfkeCqM2x5\" target=\"_blank\" rel=\"noreferrer noopener\">LINK<\/a><\/mark><\/p>\n\n\n\n<p class=\"wp-block-paragraph\"><mark style=\"background-color:rgba(0, 0, 0, 0)\" class=\"has-inline-color has-black-color\">Si tienes consultas escr\u00edbenos a<\/mark> <a href=\"mailto:estudiosonicafilms@gmail.com\"><mark style=\"background-color:rgba(0, 0, 0, 0)\" class=\"has-inline-color has-vivid-cyan-blue-color\">estudiosonicafilms@gmail.com<\/mark><\/a>, <mark style=\"background-color:rgba(0, 0, 0, 0)\" class=\"has-inline-color has-black-color\">o responde nuestra publicaci\u00f3n.<\/mark><\/p>\n\n\n\n<p class=\"wp-block-paragraph\"><mark style=\"background-color:rgba(0, 0, 0, 0)\" class=\"has-inline-color has-black-color\">Pronto mas informaci\u00f3n!! ATENT@S A NUESTRAS REDES<\/mark><\/p>\n\n\n\n<div class=\"wp-block-columns is-layout-flex wp-container-core-columns-is-layout-8f761849 wp-block-columns-is-layout-flex\">\n<div class=\"wp-block-column is-layout-flow wp-block-column-is-layout-flow\" style=\"flex-basis:25%\">\n<div style=\"height:100px\" aria-hidden=\"true\" class=\"wp-block-spacer\"><\/div>\n<\/div>\n\n\n\n<div class=\"wp-block-column is-layout-flow wp-block-column-is-layout-flow\" style=\"flex-basis:50%\">\n<figure class=\"wp-block-video\"><video height=\"1350\" style=\"aspect-ratio: 1080 \/ 1350;\" width=\"1080\" controls src=\"https:\/\/www.sonicafilms.cl\/wp2017\/wp-content\/uploads\/2024\/07\/SonicaFilms_Convocatoria-curso-2024-V2.mp4\"><\/video><\/figure>\n<\/div>\n\n\n\n<div class=\"wp-block-column is-layout-flow wp-block-column-is-layout-flow\" style=\"flex-basis:25%\">\n<div style=\"height:100px\" aria-hidden=\"true\" class=\"wp-block-spacer\"><\/div>\n<\/div>\n<\/div>\n","protected":false},"excerpt":{"rendered":"<p>En este a\u00f1o 2024 llevaremos a cabo la segunda versi\u00f3n de nuestros Cursos de Formaci\u00f3n Especializados en Sonido. Las tem\u00e1ticas ser\u00e1n: Teor\u00eda y practicas en entornos Dolby Atmos Broadcast y Cinema, visitas a salas de cine. La convocatoria del curso ser\u00e1 para 12 sonidistas profesionales,&#8230;<\/p>\n","protected":false},"author":1,"featured_media":0,"parent":0,"menu_order":0,"comment_status":"closed","ping_status":"closed","template":"","meta":{"footnotes":""},"class_list":["post-23495","page","type-page","status-publish","hentry"],"_links":{"self":[{"href":"https:\/\/www.sonicafilms.cl\/index.php?rest_route=\/wp\/v2\/pages\/23495","targetHints":{"allow":["GET"]}}],"collection":[{"href":"https:\/\/www.sonicafilms.cl\/index.php?rest_route=\/wp\/v2\/pages"}],"about":[{"href":"https:\/\/www.sonicafilms.cl\/index.php?rest_route=\/wp\/v2\/types\/page"}],"author":[{"embeddable":true,"href":"https:\/\/www.sonicafilms.cl\/index.php?rest_route=\/wp\/v2\/users\/1"}],"replies":[{"embeddable":true,"href":"https:\/\/www.sonicafilms.cl\/index.php?rest_route=%2Fwp%2Fv2%2Fcomments&post=23495"}],"version-history":[{"count":41,"href":"https:\/\/www.sonicafilms.cl\/index.php?rest_route=\/wp\/v2\/pages\/23495\/revisions"}],"predecessor-version":[{"id":23739,"href":"https:\/\/www.sonicafilms.cl\/index.php?rest_route=\/wp\/v2\/pages\/23495\/revisions\/23739"}],"wp:attachment":[{"href":"https:\/\/www.sonicafilms.cl\/index.php?rest_route=%2Fwp%2Fv2%2Fmedia&parent=23495"}],"curies":[{"name":"wp","href":"https:\/\/api.w.org\/{rel}","templated":true}]}}